{"id":8351,"date":"2021-11-25T14:03:59","date_gmt":"2021-11-25T13:03:59","guid":{"rendered":"https:\/\/www.upm.es\/recursosidi\/offers-resources\/sin categor\u00eda\/sistema-automatico-de-contaje-de-personas-en-movimiento\/"},"modified":"2022-08-10T02:01:11","modified_gmt":"2022-08-10T00:01:11","slug":"sistema-automatico-de-contaje-de-personas-en-movimiento","status":"publish","type":"product","link":"https:\/\/www.upm.es\/recursosidi\/offers-resources\/patentes\/sistema-automatico-de-contaje-de-personas-en-movimiento\/","title":{"rendered":"Sistema autom\u00e1tico de contaje de personas en movimiento"},"content":{"rendered":"<h5>Descripci\u00f3n de la patente <\/h5>\n<p>Sistema para el contaje autom\u00e1tico de personas que se desplazan en dos sentidos principales de movimiento; pudiendo cada una de las personas moverse a la misma o diferente velocidad y en cada uno de los sentidos del movimiento. El funcionamiento esta basado en el procesamiento digital de imagenes adquiridas de la proyeccion de un patr\u00f3n de luz de caracter\u00edsticas distintas de la luz ambiente, adquiridas a trav\u00e9s de un filtro \u00f3ptico. Estos datos, junto con la identificaci\u00f3n del sentido del movimiento mediante la adquisici\u00f3n de im\u00e1genes por camara complementaria, detecta y cuent el paso de personas por la zona referenciada con el patr\u00f3n de luz. el sistema es flexible para su aplicaci\u00f3n en diferentes tipos de recintos y con distintas condiciones de iluminaci\u00f3n; estando previsto para su utilizaci\u00f3n en el contaje de personas que pasan por puertas, entran o salen de recintos o pasan por corredores.<\/p>\n<h5>N\u00famero de solicitud<\/h5>\n<p>P9600360<\/p>\n<h5>N\u00famero de publicaci\u00f3n<\/h5>\n<p>ES2125798<\/p>\n<h5>Fecha de presentaci\u00f3n <\/h5>\n<p>15\/02\/1996<\/p>\n<h5>Fecha de concesi\u00f3n <\/h5>\n<p>23\/08\/1999<\/p>\n<div class=\"pdfprnt-buttons pdfprnt-buttons-product pdfprnt-bottom-left\"><a href=\"https:\/\/www.upm.es\/recursosidi\/wp-json\/wp\/v2\/product\/8351?print=pdf\" class=\"pdfprnt-button pdfprnt-button-pdf\" target=\"_blank\"><span class=\"pdfprnt-button-title pdfprnt-button-pdf-title\">Descargar ficha<\/span><\/a><\/div>","protected":false},"excerpt":{"rendered":"<p>Descripci\u00f3n de la patente Sistema para el contaje autom\u00e1tico de personas que se desplazan en dos sentidos principales de movimiento; pudiendo cada una de las&hellip;<\/p>\n","protected":false},"featured_media":0,"template":"","meta":{"_acf_changed":false},"product_cat":[3946],"product_tag":[],"comunidades-upm":[],"quien":[],"mapa":[],"disponibilidad":[],"donde":[{"term_id":576,"name":"Centro de Autom\u00e1tica y Rob\u00f3tica (CAR). Centro Mixto UPM-CSIC","slug":"centro-de-automatica-y-robotica-car-centro-mixto-upm-csic","term_group":0,"term_taxonomy_id":576,"taxonomy":"donde","description":"","parent":0,"count":42,"filter":"raw","term_order":"0"},{"term_id":364,"name":"Visi\u00f3n por Computador y Rob\u00f3tica A\u00e9rea","slug":"vision-por-computador-y-robotica-aerea","term_group":0,"term_taxonomy_id":364,"taxonomy":"donde","description":"&nbsp;\nNuestra <strong>Visi&oacute;n<\/strong> es proveer a los sistemas no tripulados (UAV, RPAS) de mayor autonom&iacute;a mediante la utilizaci&oacute;n de t&eacute;cnicas de Visi&oacute;n por Computador. Para ello, trabajamos en las siguientes l&iacute;neas de investigaci&oacute;n:\n&nbsp;\n\nProcesamiento, reconocimiento o y gesti&oacute;n automatizada de im&aacute;genes, incluyendo estabilizaci&oacute;n, seguimiento de objetos, composici&oacute;n de mosaico y ortomapas\nGuiado visual de UAV respecto a referencias exteriores, incluyendo navegaci&oacute;n en entornos pasivos sin ayuda la navegaci&oacute;n (p.e. sin GPS en sitaciones de &ldquo;spoofing&rdquo; y &ldquo;jamming&rdquo;)\nCreaci&oacute;n de mapas tridimensionales del entorno y estimaci&oacute;n de la posici&oacute;n 6D del RPAS\n","parent":0,"count":5,"filter":"raw","term_order":"0"}],"infraestructura":[],"ods":[],"origen":[{"term_id":180,"name":"Patente","slug":"patente","term_group":0,"term_taxonomy_id":180,"taxonomy":"origen","description":"","parent":0,"count":614,"filter":"raw","term_order":"0"}],"familia_tax":false,"quien_tax":false,"donde_tax":false,"year":"","contacto":"<strong>Principales: <\/strong><ul><li>PASCUAL CAMPOY CERVERA <blockquote><strong>pascual.campoy@upm.es<\/strong><\/blockquote><\/li><li>RAFAEL ARACIL SANTONJA <blockquote><strong>rafael.aracil@upm.es<\/strong><\/blockquote><\/li><\/ul><strong>Otros inventores UPM: <\/strong><ul><li>Luis D\u00edaz Saco<\/li><li> Albino Gonz\u00e1lez Blanco<\/li><\/ul>","telefono":"","pagina_web":"","email":"","id_ficha_portal":"223","video":"","adjuntos":false,"adjuntos_portal":"","inf":false,"departamento":"","acf":[],"lang":"es","translation":{"es":8351},"_links":{"self":[{"href":"https:\/\/www.upm.es\/recursosidi\/wp-json\/wp\/v2\/product\/8351"}],"collection":[{"href":"https:\/\/www.upm.es\/recursosidi\/wp-json\/wp\/v2\/product"}],"about":[{"href":"https:\/\/www.upm.es\/recursosidi\/wp-json\/wp\/v2\/types\/product"}],"wp:attachment":[{"href":"https:\/\/www.upm.es\/recursosidi\/wp-json\/wp\/v2\/media?parent=8351"}],"wp:term":[{"taxonomy":"product_cat","embeddable":true,"href":"https:\/\/www.upm.es\/recursosidi\/wp-json\/wp\/v2\/product_cat?post=8351"},{"taxonomy":"product_tag","embeddable":true,"href":"https:\/\/www.upm.es\/recursosidi\/wp-json\/wp\/v2\/product_tag?post=8351"},{"taxonomy":"comunidad_upm","embeddable":true,"href":"https:\/\/www.upm.es\/recursosidi\/wp-json\/wp\/v2\/comunidades-upm?post=8351"},{"taxonomy":"quien","embeddable":true,"href":"https:\/\/www.upm.es\/recursosidi\/wp-json\/wp\/v2\/quien?post=8351"},{"taxonomy":"mapa","embeddable":true,"href":"https:\/\/www.upm.es\/recursosidi\/wp-json\/wp\/v2\/mapa?post=8351"},{"taxonomy":"disponibilidad","embeddable":true,"href":"https:\/\/www.upm.es\/recursosidi\/wp-json\/wp\/v2\/disponibilidad?post=8351"},{"taxonomy":"donde","embeddable":true,"href":"https:\/\/www.upm.es\/recursosidi\/wp-json\/wp\/v2\/donde?post=8351"},{"taxonomy":"infraestructura","embeddable":true,"href":"https:\/\/www.upm.es\/recursosidi\/wp-json\/wp\/v2\/infraestructura?post=8351"},{"taxonomy":"ods","embeddable":true,"href":"https:\/\/www.upm.es\/recursosidi\/wp-json\/wp\/v2\/ods?post=8351"},{"taxonomy":"origen","embeddable":true,"href":"https:\/\/www.upm.es\/recursosidi\/wp-json\/wp\/v2\/origen?post=8351"}],"curies":[{"name":"wp","href":"https:\/\/api.w.org\/{rel}","templated":true}]}}